{"version":"1.0","provider_name":"levendulas","provider_url":"https:\/\/levendulas.cafeblog.hu","author_name":"amfortas","author_url":"https:\/\/levendulas.cafeblog.hu\/author\/amfortas-2-2-2\/","title":"K\u00e9rd\u0151\u00edv azokhoz, akik nagy-Magyarorsz\u00e1g matric\u00e1t ragasztgatnak aut\u00f3jukra","html":" \t\r\n<p class=\"MsoNormal\"><span style=\"font-family: book antiqua,palatino\"><span style=\"font-size: 12pt\"><span style=\"color: black\">\r\n<\/span><\/span><\/span><span style=\"font-family: book antiqua,palatino\"><span style=\"font-size: 12pt\"><span style=\"color: black\">\u00a0<\/span><\/span><\/span><\/p>\r\n<p class=\"MsoNormal\"><span style=\"font-family: 'Book Antiqua','serif';color: black;font-size: 8.5pt\"><span style=\"color: black;font-size: 10.5pt\"><span style=\"font-family: book antiqua,palatino\"><span style=\"font-size: 12pt\"><img title=\"nagy Matrica\" alt=\"nagy Matrica\" src=\"https:\/\/levendulas.cafeblog.hu\/files\/2010\/04\/nagyM.jpg\" width=\"303\" height=\"209\" \/><\/span><\/span><\/span><\/span><\/p>\r\n<p class=\"MsoNormal\" style=\"text-align: center\"><strong><span style=\"font-family: book antiqua,palatino\"><span style=\"font-size: 12pt\"><em>\u00a0<\/em><em>\u00a0<\/em><\/span><\/span><\/strong><\/p>\r\n<p class=\"MsoNormal\"><span style=\"font-family: 'Book Antiqua','serif';color: black\"><span style=\"font-size: 12pt\"><span style=\"font-family: book antiqua,palatino\"><span style=\"font-size: 12pt\"><strong><em>akkor hadd tegyek fel n\u00e9h\u00e1ny egyszer\u0171 k\u00e9rd\u00e9st !<\/em><\/strong><\/span><\/span><\/span><\/span><\/p>\r\n<p class=\"MsoNormal\"><span style=\"font-family: 'Book Antiqua','serif';color: black\"><span style=\"font-size: 12pt\"><span style=\"font-family: book antiqua,palatino\"><span style=\"font-size: 12pt\"><strong><em>\u00a0<\/em><\/strong><\/span><\/span><\/span><\/span><\/p>\r\n<p class=\"MsoNormal\"><span style=\"font-family: 'Book Antiqua','serif';color: black\"><span style=\"font-size: 12pt\"><span style=\"font-family: book antiqua,palatino\"><span style=\"font-size: 12pt\"><strong><em>1. <\/em><\/strong>Valamilyen eszt\u00e9tikai szempontb\u00f3l, vagy meggy\u0151z\u0151d\u00e9sb\u0151l ragasztottad fel?<strong><em> <\/em><\/strong><\/span><\/span><\/span><\/span><\/p>\r\n<p class=\"MsoNormal\"><span style=\"color: black;font-size: 10.5pt\"><span style=\"font-family: book antiqua,palatino\"><span style=\"font-size: 12pt\">2. Szokt\u00e1l \u00a0Erd\u00e9lybe l\u00e1togatni, Szlov\u00e1ki\u00e1ba utazni, s\u00edelni, Szlov\u00e9ni\u00e1ban, Horv\u00e1torsz\u00e1gban nyaralni?<\/span><\/span><\/span><\/p>\r\n<p class=\"MsoNormal\"><span style=\"color: black;font-size: 10.5pt\"><span style=\"font-family: book antiqua,palatino\"><span style=\"font-size: 12pt\">3. Tudod-e, hogy a matric\u00e1n Horv\u00e1torsz\u00e1g, Szlov\u00e1kia, stb. Magyarorsz\u00e1g r\u00e9sze?<\/span><\/span><\/span><\/p>\r\n<p class=\"MsoNormal\"><span style=\"font-family: book antiqua,palatino\"><span style=\"font-size: 12pt\"><span style=\"color: black\">4. Net\u00e1n visszak\u00f6veteled Horv\u00e1torsz\u00e1got, Felvid\u00e9ket, Burgenlandot, K\u00e1rp\u00e1talj\u00e1t, Sz\u00e9kelyf\u00f6ldet, stb?<\/span> (Ha igen a v\u00e1lasz, mit kezden\u00e9l a jelenleg ezen a ter\u00fcleten \u00e9l\u0151 emberekkel?)<\/span><\/span><\/p>\r\n<p class=\"MsoNormal\"><span style=\"color: black;font-size: 10.5pt\"><span style=\"font-family: book antiqua,palatino\"><span style=\"font-size: 12pt\">5. Mit gondoln\u00e1l horv\u00e1tk\u00e9nt, szlov\u00e1kk\u00e9nt, stb. egy olyan matric\u00e1t l\u00e1tva, amelyen haz\u00e1d egy m\u00e1sik orsz\u00e1g r\u00e9szek\u00e9nt szerepel?<\/span><\/span><\/span><\/p>\r\n<p class=\"MsoNormal\"><span style=\"color: black;font-size: 10.5pt\"><span style=\"font-family: book antiqua,palatino\"><span style=\"font-size: 12pt\">6. Szerinted h\u00e1ny \u00e9v\u00a0birtokl\u00e1s teremt jogalapot ter\u00fcleti k\u00f6vetel\u00e9sekhez, \u00e9s ez h\u00e1ny \u00e9v ut\u00e1n \u00e9v\u00fclhet el? <\/span><\/span><\/span><\/p>\r\n<p class=\"MsoNormal\"><span style=\"color: black;font-size: 10.5pt\"><span style=\"font-family: book antiqua,palatino\"><span style=\"font-size: 12pt\">7.<span style=\"color: black\">Amikor ilyen volt az orsz\u00e1ghat\u00e1r, ki volt Magyarorsz\u00e1g kir\u00e1lya, \u00e9s hogyan \u0151rizte Magyarorsz\u00e1g f\u00fcggetlens\u00e9g\u00e9t? <\/span><\/span><\/span><\/span><\/p>\r\n<p class=\"MsoNormal\"><span style=\"color: black;font-size: 10.5pt\"><span style=\"font-family: book antiqua,palatino\"><span style=\"font-size: 12pt\"><span style=\"color: black\">8. Milyenk\u00e9ppen j\u00f6tt l\u00e9tre ez az orsz\u00e1ghat\u00e1r? (isten aj\u00e1nd\u00e9ka, lott\u00f3n nyert\u00fck, avagy megk\u00fczd\u00f6tt \u00e9rte a magyar... \u00e9s, ha igen, hogyan?)<\/span><\/span><\/span><\/span><\/p>\r\n<p class=\"MsoNormal\"><span style=\"color: black;font-size: 10.5pt\"><span style=\"font-family: book antiqua,palatino\"><span style=\"font-size: 12pt\">9. Fel tudn\u00e1d id\u00e9zni Magyarorsz\u00e1g hat\u00e1rvonalait a\u00a0 X., \u00a0XI., XII., XIII., stb. sz\u00e1zadokb\u00f3l?<\/span><\/span><\/span><\/p>\r\n<p class=\"MsoNormal\"><span style=\"color: black;font-size: 10.5pt\"><span style=\"font-family: book antiqua,palatino\"><span style=\"font-size: 12pt\">10. Szerinted, a \u201emagyar honfoglal\u00e1s\u201d\u00a0 el\u0151tt nem \u00e9lt senki a K\u00e1rp\u00e1t-Medenc\u00e9ben?<\/span><\/span><\/span><\/p>\r\n<p class=\"MsoNormal\"><span style=\"color: black;font-size: 10.5pt\"><span style=\"font-family: book antiqua,palatino\"><span style=\"font-size: 12pt\">\u00a011. Szerinted a t\u00f6r\u00f6k\u00f6k, az osztr\u00e1kok, (vagy net\u00e1n az olaszok\u2026) tarthatnak megalapozottabb ig\u00e9nyt Magyarorsz\u00e1g ter\u00fclet\u00e9re? <\/span><\/span><\/span><\/p>\r\n<p class=\"MsoNormal\"><span style=\"color: black;font-size: 10.5pt\"><span style=\"font-family: book antiqua,palatino\"><span style=\"font-size: 12pt\">12. Sz\u00edvesen l\u00e1tn\u00e1l t\u00f6r\u00f6k turist\u00e1kat itthon, akiknek aut\u00f3j\u00e1n az Oszm\u00e1n Birodalom t\u00e9rk\u00e9pe szerepel? \u00a0Osztr\u00e1k turist\u00e1kat Monarchia matric\u00e1val?(pedig a felbomlott Monarchia legnagyobb vesztesei nyilv\u00e1nval\u00f3an \u0151k voltak)\u00a0 N\u00e9met turist\u00e1kat nagy n\u00e9met birodalom matric\u00e1val? Olasz turist\u00e1kat a r\u00f3mai birodalmat \u00e1br\u00e1zol\u00f3 matric\u00e1val? (egy\u00e1ltal\u00e1n, tudod-e, hogy mindegyiken ott a haz\u00e1d?)<\/span><\/span><\/span><\/p>\r\n<p class=\"MsoNormal\"><span style=\"color: black;font-size: 10.5pt\"><span style=\"font-family: book antiqua,palatino\"><span style=\"font-size: 12pt\">13. Milyen oszt\u00e1lyzatod volt t\u00f6rt\u00e9nelemb\u0151l?<\/span><\/span><\/span><\/p>\r\n<p class=\"MsoNormal\"><span style=\"color: black;font-size: 10.5pt\"><span style=\"font-family: book antiqua,palatino\"><span style=\"font-size: 12pt\">14. Milyen intelligensnek tartod Magad?<\/span><\/span><\/span><\/p>\r\n<p class=\"MsoNormal\"><span style=\"color: black;font-size: 10.5pt\"><span style=\"font-family: book antiqua,palatino\"><span style=\"font-size: 12pt\">15. Milyen m\u0171veltnek tartod Magad?<\/span><\/span><\/span><\/p>\r\n<p class=\"MsoNormal\"><span style=\"color: black;font-size: 10.5pt\"><span style=\"font-family: book antiqua,palatino\"><span style=\"font-size: 12pt\">16.Neked, mint \"k\u00edv\u00fcl\u00e1ll\u00f3nak\", a\u00a0 <em>h\u0151s <\/em>matricatulajdonosnak,\u00a0 mi a v\u00e9lem\u00e9nyed az intelligenci\u00e1r\u00f3l, \u00e1ltal\u00e1nos m\u0171velts\u00e9gr\u0151l?<\/span><\/span><\/span><\/p>\r\n<p class=\"MsoNormal\"><span style=\"color: black;font-size: 10.5pt\"><span style=\"font-family: book antiqua,palatino\"><span style=\"font-size: 12pt\">17. v\u00e9gezet\u00fcl m\u00e9g egy vari\u00e1ci\u00f3: err\u0151l , a rajta l\u00e9v\u0151 jelekr\u0151l mit tudsz?<\/span><\/span><\/span><\/p>\r\n<p class=\"MsoNormal\"><span style=\"color: black;font-size: 10.5pt\"><span style=\"font-family: book antiqua,palatino\"><span style=\"font-size: 12pt\">\u00a0\u00a0\u00a0\u00a0\u00a0\u00a0\u00a0\u00a0\u00a0\u00a0\u00a0\u00a0\u00a0\u00a0\u00a0\u00a0\u00a0\u00a0\u00a0\u00a0\u00a0 <\/span><\/span><\/span><img class=\"blogkep\" style=\"width: 356px;height: 228px\" alt=\"\" src=\"https:\/\/levendulas.cafeblog.hu\/files\/Nagy_Magyarorszag2.jpg\" \/><\/p>","type":"rich"}