{"version":"1.0","provider_name":"levendulas","provider_url":"https:\/\/levendulas.cafeblog.hu","author_name":"amfortas","author_url":"https:\/\/levendulas.cafeblog.hu\/author\/amfortas-2-2-2\/","title":"B\u00e9kames\u00e9k IV","html":"<p>&nbsp;<\/p><p class=\"MsoNormal\" style=\"margin: 0cm 0cm 10pt;\" minmax_bound=\"true\"><i minmax_bound=\"true\"><span style=\"font-size: 14pt; line-height: 115%; font-family: 'Sylfaen','serif';\" minmax_bound=\"true\">Breki bar\u00e1taim ! Ugye, mi f\u00f6l\u00f6tt\u00e9bb j\u00f3l \u00e9rezz\u00fck magukat a  langymeleg levesben? <span minmax_bound=\"true\">&nbsp;<\/span>Ha lehetne m\u00e9g egy kicsit  melegebb, h\u00e1t ann\u00e1l jobb lenne! Hogy kik t\u00e1pl\u00e1lj\u00e1k a t\u00fczet, m\u00e9g senki nem  firtatta,de kit \u00e9rdekel!<span minmax_bound=\"true\">&nbsp; <\/span>Az valahogy olyan  term\u00e9szetes, mint ahogy a nap is s\u00fct. S ahogy<span minmax_bound=\"true\">&nbsp;  <\/span>azt sem akarn\u00e1nk sejteni, hogy el\u0151bb ut\u00f3bb a v\u00edz fortyogva f\u0151z meg  minket, m\u00e1s leselked\u0151 vesz\u00e9lyre sem gondoln\u00e1nk. Pedig az ott van, s<span minmax_bound=\"true\">&nbsp; <\/span>olyan sz\u00e9pen \u00e9nekel! <span minmax_bound=\"true\">&nbsp;<\/span>A term\u00e9szet zen\u00e9je , csicsereg egy elj\u00f6vend\u0151 sz\u00e9p \u00faj  vil\u00e1gr\u00f3l, <span minmax_bound=\"true\">&nbsp;<\/span>azt dalolja, amit hallani akarunk. A  j\u00f6v\u0151 biztons\u00e1g\u00e1t f\u00fcty\u00f6r\u00e9szi, b\u00e1r van benne sok kis felhang elsz\u00e1moltat\u00e1sr\u00f3l,  szerz\u0151d\u00e9sbont\u00e1sr\u00f3l, fittyfen\u00e9r\u0151l, de h\u00e1t ez is csak a mi javunkat  szolg\u00e1lja.<\/span><\/i> <\/p> <p class=\"MsoNormal\" style=\"margin: 0cm 0cm 10pt;\" minmax_bound=\"true\"><i minmax_bound=\"true\"><span style=\"font-size: 14pt; line-height: 115%; font-family: 'Sylfaen','serif';\" minmax_bound=\"true\"><span style=\"font-size: 14pt; line-height: 115%; font-family: 'Sylfaen','serif';\" minmax_bound=\"true\">&nbsp;&nbsp;&nbsp;&nbsp;&nbsp;&nbsp;&nbsp;&nbsp;&nbsp;&nbsp;&nbsp;&nbsp;&nbsp;&nbsp;&nbsp;&nbsp;&nbsp;&nbsp;&nbsp;&nbsp;&nbsp;&nbsp;&nbsp;&nbsp;&nbsp;&nbsp;&nbsp;&nbsp;&nbsp;&nbsp;&nbsp;&nbsp;&nbsp;&nbsp;&nbsp;&nbsp;&nbsp;&nbsp;&nbsp; <img style=\"width: 231px; height: 271px;\" src=\"http:\/\/levendulas.nolblog.hu\/files\/k%C3%A9kv%C3%A9rcse.jpg\" minmax_bound=\"true\" width=\"231\" height=\"271\"><\/span><\/span><\/i> <\/p> <p minmax_bound=\"true\"><i minmax_bound=\"true\"><span style=\"font-size: 14pt; line-height: 115%; font-family: 'Sylfaen','serif';\" minmax_bound=\"true\"><span style=\"font-size: 14pt; line-height: 115%; font-family: 'Sylfaen','serif';\" minmax_bound=\"true\"><\/span><\/span><\/i><i minmax_bound=\"true\"><span style=\"font-size: 14pt; line-height: 115%; font-family: 'Sylfaen','serif';\" minmax_bound=\"true\">S\u00fctk\u00e9rez\u00fcnk a boldogs\u00e1gban . N\u00e9ha ugyan beborul az \u00e9g, de az  is csak j\u00f3, a tiszt\u00edt\u00f3 <\/span><\/i><i minmax_bound=\"true\"><span style=\"font-size: 14pt; line-height: 115%; font-family: 'Book Antiqua','serif';\" minmax_bound=\"true\">vihar<\/span><\/i><i minmax_bound=\"true\"><span style=\"font-size: 14pt; line-height: 115%; font-family: 'Sylfaen','serif';\" minmax_bound=\"true\"> . Vagy <span minmax_bound=\"true\">&nbsp;<\/span>friss\u00edt\u0151 es\u0151t hoz,  s minden j\u00f3t, ami vele j\u00e1r, kivir\u00e1gzik a term\u00e9szet k\u00f6r\u00fcl\u00f6tt\u00fcnk, bogarak  garmad\u00e1val rep\u00fclnek kit\u00e1tott sz\u00e1nkba, csak gy\u0151zz\u00fck, s ha \u00fcgyesen helyezked\u00fcnk,  m\u00e9g <span minmax_bound=\"true\">&nbsp;<\/span>zsebeinket is megt\u00f6mhetj\u00fck, gondolva  ebihalacsk\u00e1ink j\u00f6v\u0151j\u00e9re. De j\u00f3 nek\u00fcnk, hogy nem kell gondolnunk arra, mi lehet a  mese v\u00e9ge<\/span><\/i><span style=\"font-size: 9pt; color: rgb(110, 110, 110); line-height: 115%; font-family: 'Arial','sans-serif';\" minmax_bound=\"true\"> <\/span><i minmax_bound=\"true\"><span style=\"font-size: 14pt; line-height: 115%; font-family: 'Sylfaen','serif';\" minmax_bound=\"true\">! <\/span><\/i><\/p> <p minmax_bound=\"true\"><i minmax_bound=\"true\"><span style=\"font-size: 14pt; line-height: 115%; font-family: 'Sylfaen','serif';\" minmax_bound=\"true\"><\/span><\/i><\/p> <p minmax_bound=\"true\"><i minmax_bound=\"true\"><span style=\"font-size: 14pt; line-height: 115%; font-family: 'Sylfaen','serif';\" minmax_bound=\"true\">(ld. m\u00e9g: B\u00e9kames\u00e9kI-II-III)<\/span><\/i> <\/p> <p minmax_bound=\"true\"><i minmax_bound=\"true\"><span style=\"font-size: 14pt; line-height: 115%; font-family: 'Sylfaen','serif';\" minmax_bound=\"true\"><\/span><\/i><i minmax_bound=\"true\"><span style=\"font-size: 14pt; line-height: 115%; font-family: 'Sylfaen','serif';\" minmax_bound=\"true\">Most hallottam egy viccet nevessetek velem! <\/span><\/i><\/p> <p minmax_bound=\"true\"><i minmax_bound=\"true\"><span style=\"font-size: 14pt; line-height: 115%; font-family: 'Sylfaen','serif';\" minmax_bound=\"true\"><\/span><\/i><strong minmax_bound=\"true\"><i minmax_bound=\"true\"><span style=\"font-size: 12pt; color: black; line-height: 115%; font-family: 'Book Antiqua','serif';\" minmax_bound=\"true\">Kohn elutazik, \u00e9s az \u00f6sszes<span minmax_bound=\"true\">&nbsp;  <\/span>p\u00e9nz\u00e9t let\u00e9tbe helyezi a rabbin\u00e1l. A rabbi \u00e1t is veszi, de beh\u00edvja  tan\u00fanak a seg\u00e9deit Kohn \u00e1tadja el\u0151tt\u00fck a p\u00e9nzt, elutazik, visszat\u00e9r, \u00e9s  felkeresi a rabbit. A rabbi azt mondja, \u0151 egy vasat se kapott. Kohnnak el\u00e1ll a  l\u00e9legzete, beh\u00edvj\u00e1k a k\u00e9t tan\u00fat, \u0151k is azt mondj\u00e1k, hogy semmi let\u00e9tr\u0151l,  p\u00e9nzr\u0151l, ilyesmir\u0151l nem tudnak. Kohn f\u00e9l\u00e1jult, eg\u00e9sz vagyona oda. A tan\u00fak  kimennek, a rabbi kinyitja szekr\u00e9ny\u00e9t, <span minmax_bound=\"true\">&nbsp;<\/span>kiveszi  Kohn p\u00e9nz\u00e9t, majd mosolyogva el\u00e9 rakja.<br minmax_bound=\"true\">- De rebele,  mi\u00e9rt kellett velem ezt a rossz viccet csin\u00e1lni? - \u00c1, semmi k\u00fcl\u00f6n\u00f6s, csak meg  akartam neked mutatni, milyen hitk\u00f6zs\u00e9gben vagyok  rabbi.<\/span><\/i><\/strong><strong minmax_bound=\"true\"><i minmax_bound=\"true\"><span style=\"font-size: 12pt; color: black; line-height: 115%; font-family: 'Book Antiqua','serif';\" minmax_bound=\"true\"><span minmax_bound=\"true\">&nbsp;<\/span><\/span><\/i><\/strong> <\/p> <p minmax_bound=\"true\"><strong minmax_bound=\"true\"><i minmax_bound=\"true\"><span style=\"font-size: 12pt; color: black; line-height: 115%; font-family: 'Book Antiqua','serif';\" minmax_bound=\"true\"><span minmax_bound=\"true\"><\/span><\/span><\/i><\/strong><strong minmax_bound=\"true\"><i minmax_bound=\"true\"><span style=\"font-size: 12pt; color: rgb(118, 146, 60); line-height: 115%; font-family: 'Book Antiqua','serif';\" minmax_bound=\"true\">Most m\u00e1r a s\u00f3lyom is tudja, milyen b\u00e9kagy\u00fclekezet k\u00ednkeservesen megv\u00e1lasztott  eln\u00f6ke. \u0150 m\u00e1r azt is tudja, ki hazudik.<span minmax_bound=\"true\">&nbsp; <\/span>Breki  bar\u00e1taim, engem \u00e9rdekelne, kinek mi a tippje? ( ps. a k\u00e9pen nem s\u00f3lyom, hanem  K\u00e9kv\u00e9rcse l\u00e1that\u00f3 )<\/span><\/i><\/strong> <\/p>","type":"rich"}