{"version":"1.0","provider_name":"levendulas","provider_url":"https:\/\/levendulas.cafeblog.hu","author_name":"amfortas","author_url":"https:\/\/levendulas.cafeblog.hu\/author\/amfortas-2-2-2\/","title":"Citrom-mandula","html":"<p><span style=\"font-size: 9pt; color: rgb(54, 95, 145); font-family: 'Verdana','sans-serif';\">Citrom-mandula\u2026. h\u00e1t, igen. <span style=\"\">&nbsp;<\/span>Ez nem \u00e9n vagyok . <span style=\"\">&nbsp;<\/span>Ezekbe haraptam bele, v\u00e1sott bele a fogam. <o:p><\/o:p><\/span><\/p>  <p><span style=\"font-size: 9pt; color: rgb(54, 95, 145); font-family: 'Verdana','sans-serif';\">Tudod, amikor valami az els\u0151 benyom\u00e1said &nbsp;alapj\u00e1n tetszeni kezd , \u00e9s&nbsp;ezeket odailleszted mindenhez, amit szeretsz, s\u00fctem\u00e9nybe, te\u00e1ba , kokt\u00e9lba stb., \u00e9s att\u00f3l az m\u00e9g jobb lesz, azt\u00e1n belek\u00f3stolsz csak \u00fagy \u00f6nmag\u00e1ban &nbsp;\u00e9s az bizony egyszer\u0171en&nbsp; csak savany\u00fa \u00e9s keser\u0171. <o:p><\/o:p><\/span><\/p>  <p><span style=\"font-size: 9pt; color: rgb(54, 95, 145); font-family: 'Verdana','sans-serif';\">Beleszerelmesedtem Valakibe , akit hamar idealiz\u00e1ltam magamban , elkezdtem ez\u00e9rt odailleszteni az \u00e9letemhez \u00e9s meg\u00e9des\u00edtette, meg\u00edzes\u00edtette, megbolond\u00edtotta,&nbsp;lassan de biztosan&nbsp;feladtam magam \u00e9s elhanyagoltam minden m\u00e1st, \u00e9s mindenki m\u00e1st, fontos szem\u00e9lyeket, dolgokat, ami nem hozz\u00e1 tartozott. \u00cdzlelgettem \u00e9s gy\u00f6ny\u00f6rk\u00f6dtem, de az\u00e9rt furdalt a k\u00edv\u00e1ncsis\u00e1g, milyen lehet bel\u00fcl. A citrommal k\u00f6nnyebb volt a helyzet, cseppjei picit savany\u00faak voltak, de j\u00f3l elviselhet\u0151ek, b\u0151r\u00f6mnek kifejezetten j\u00f3l esett. <span style=\"\">&nbsp;<\/span>A citromot h\u00e1t mell\u0151zni nem akartam, mert : szerettem..tartoztam magamnak is ennyivel tal\u00e1n.<\/span><span style=\"font-size: 9pt; color: rgb(54, 95, 145); font-family: 'Verdana','sans-serif';\"><br><\/span><\/p>  <p><span style=\"font-size: 9pt; color: rgb(54, 95, 145); font-family: 'Verdana','sans-serif';\">&nbsp;&nbsp;&nbsp;&nbsp;&nbsp;&nbsp;&nbsp;&nbsp;&nbsp;&nbsp;&nbsp;&nbsp;&nbsp;&nbsp;&nbsp;&nbsp;&nbsp;&nbsp;&nbsp;&nbsp;&nbsp;&nbsp;&nbsp;&nbsp;&nbsp;&nbsp;&nbsp;&nbsp;&nbsp;&nbsp;&nbsp;&nbsp;&nbsp;&nbsp;&nbsp; <img class=\"blogkep\" style=\"width: 199px; height: 138px;\" src=\"https:\/\/levendulas.cafeblog.hu\/files\/images.jpg\" width=\"180\" height=\"81\"><o:p><\/o:p><\/span><\/p>  <p><span style=\"font-size: 9pt; color: rgb(54, 95, 145); font-family: 'Verdana','sans-serif';\">Elveszt\u00e9s\u00e9\u00e9rt akkoriban \u00fagy \u00e9reztem,&nbsp;nem k\u00e1rp\u00f3tolt volna a mandula. \u00d6nz\u00e9s? tal\u00e1n. M\u00e9g ink\u00e1bb: a bizonytalans\u00e1gt\u00f3l val\u00f3 f\u00e9lelem tartott az ismert \u00e9s ez\u00e9rt megb\u00edzhat\u00f3 mellett. <\/span><span style=\"\"><\/span><span style=\"font-size: 9pt; color: rgb(54, 95, 145); font-family: 'Verdana','sans-serif';\">Voltak teh\u00e1t kisebb- nagyobb z\u00f6kken\u0151k ezzel a p\u00f6rk\u00f6lt cukros-mandul\u00e1val, de hamar t\u00faljutottunk rajta, szerethet\u0151 kis gyarl\u00f3s\u00e1gok, amikkel egy\u00fctt lehet \u00e9lni, ha&nbsp; k \u00f6 l c&nbsp;s \u00f6 n \u00f6 s e n&nbsp; el\u00e9g er\u0151s a szeretet. <span style=\"\">&nbsp;<\/span>A mandul\u00e1t mag\u00e1t nat\u00far, nehezebb volt megismerni, felt\u00f6rni a h\u00e9j\u00e1t, belel\u00e1tni a lelk\u00e9be \u00e9s felismerni lelke rejtett keser\u0171s\u00e9g\u00e9t. F\u00e9ltem is felt\u00f6rni, valami rossz el\u0151\u00e9rzeteim voltak, h\u00faztam az id\u0151t\u2026 egyed\u00fcl v\u00e9g\u00fcl nem is ment.... A mandul\u00e1t most h\u00e1t felt\u00f6rtem,&nbsp;belek\u00f3stoltam \u00e9s r\u00e1j\u00f6ttem nem csak arra, hogy keser\u0171, de arra is, hogy ez a lelki keser\u0171s\u00e9g a nagyon m\u00e9lyre elb\u00fajt vagy elhalt vagy t\u00e1n sosem igaz\u00e1n felsz\u00ednre ker\u00fclt&nbsp;<strong><span style=\"font-family: 'Verdana','sans-serif';\">szeretet<\/span><\/strong>.<\/span><\/p>  <p><span style=\"font-size: 9pt; color: rgb(54, 95, 145); font-family: 'Verdana','sans-serif';\">&nbsp;&nbsp;&nbsp;&nbsp;&nbsp;&nbsp;&nbsp;&nbsp;&nbsp;&nbsp;&nbsp;&nbsp;&nbsp;&nbsp;&nbsp;&nbsp;&nbsp;&nbsp; <span style=\"font-size: 9pt; color: rgb(54, 95, 145); font-family: Wingdings;\"><span style=\"\"><img class=\"blogkep\" style=\"width: 125px; height: 121px;\" src=\"https:\/\/levendulas.cafeblog.hu\/files\/mandulakOIvek.jpg\" width=\"115\" height=\"119\">&nbsp;&nbsp;&nbsp; <img class=\"blogkep\" src=\"https:\/\/levendulas.cafeblog.hu\/files\/kicsi_120_3285_43_8814127.jpg\" width=\"203\" height=\"108\"><\/span><\/span><o:p><\/o:p><\/span><\/p>  <p><span style=\"font-size: 9pt; color: rgb(54, 95, 145); font-family: 'Verdana','sans-serif';\">Ma m\u00e1r hely\u00e9n vannak a dolgok citrommal, mandul\u00e1val is tal\u00e1n..., a l\u00e9lekkel, szeretettel ?&nbsp; azt hiszem, azzal nem lesz m\u00e1r soha.<br><\/span><\/p>  <p><span style=\"font-size: 9pt; color: rgb(54, 95, 145); font-family: 'Verdana','sans-serif';\"><\/span><span style=\"font-size: 9pt; color: rgb(54, 95, 145); font-family: 'Verdana','sans-serif';\">Ma m\u00e1r <\/span><v:shape id=\"K\u00e9p_x0020_6\" style=\"margin-top: 2.6pt; z-index: 1; visibility: visible; margin-left: 235.15pt; width: 189pt; position: absolute; height: 138.75pt;\" type=\"#_x0000_t75\" o:allowoverlap=\"f\" o:spid=\"_x0000_s1026\" alt=\"http:\/\/www.vitaminsziget.com\/upload\/altalanos\/mandula.jpg\"><v:imagedata src=\"file:\/\/\/C:%5CDOCUME%7E1%5CRENDSZ%7E1%5CLOCALS%7E1%5CTemp%5Cmsohtmlclip1%01%5Cclip_image002.jpg\" o:title=\"mandula\"><\/v:imagedata><w:wrap type=\"square\" anchory=\"line\"><\/w:wrap><\/v:shape><span style=\"font-size: 9pt; color: rgb(54, 95, 145); font-family: 'Verdana','sans-serif';\">azt&nbsp; tudom, a citromnak <span style=\"\">&nbsp;<\/span>lelke <\/span><span style=\"font-size: 9pt; color: rgb(54, 95, 145); font-family: 'Verdana','sans-serif';\">nagy szeretet-tartal\u00e9kokkal van tele. <\/span><span style=\"font-size: 9pt; color: rgb(54, 95, 145); font-family: 'Verdana','sans-serif';\">:-) hogy ez mire el\u00e9g?&nbsp;&nbsp;&nbsp;&nbsp;&nbsp;&nbsp;&nbsp;&nbsp;&nbsp;&nbsp;&nbsp;&nbsp;&nbsp;&nbsp;&nbsp;&nbsp;&nbsp;&nbsp;&nbsp;&nbsp;&nbsp;&nbsp;&nbsp;&nbsp;&nbsp;&nbsp;&nbsp;&nbsp;&nbsp;&nbsp;&nbsp;&nbsp;&nbsp;&nbsp;&nbsp;&nbsp;&nbsp;&nbsp;&nbsp;&nbsp;&nbsp;&nbsp;&nbsp;&nbsp;&nbsp;&nbsp;&nbsp;&nbsp;&nbsp;&nbsp;&nbsp;&nbsp;&nbsp;&nbsp;&nbsp;&nbsp;&nbsp;&nbsp;&nbsp;&nbsp;&nbsp;&nbsp;&nbsp;&nbsp;&nbsp;&nbsp;&nbsp;&nbsp;&nbsp;&nbsp;&nbsp;&nbsp;&nbsp;&nbsp;&nbsp;&nbsp;&nbsp;&nbsp;&nbsp;&nbsp;&nbsp;&nbsp;&nbsp;&nbsp;&nbsp;&nbsp;&nbsp;&nbsp;&nbsp;&nbsp;&nbsp;&nbsp;&nbsp;&nbsp;&nbsp; <\/span><span style=\"font-size: 9pt; color: rgb(54, 95, 145); font-family: 'Verdana','sans-serif';\">A mandul\u00e1val? Valahogy m\u00e1s a helyzet \u00e9s nehezen magyar\u00e1zhat\u00f3.&nbsp; Szeretem az \u00e9dess\u00e9get \u00e9s magam is k\u00eds\u00e9rletezem: az ut\u00f3bbi id\u0151ben t\u00f6bb olyan s\u00fctem\u00e9ny-f\u00e9l\u00e9t igyekeztem t\u00f6k\u00e9letesre fejleszteni, aminek alapanyaga \u00e9s alap\u00edze mandula volt.&nbsp; Ker\u00fclt bele citrom is, ami szel\u00edd\u00edtette, bolond\u00edtotta \u00e9s v\u00e1ltoztatta&nbsp;t\u00f6bb\u00e9-kev\u00e9sb\u00e9&nbsp; ezt az alap-\u00edzt, de m\u00e9gis, a mandula, ami meghat\u00e1rozta jelleg\u00e9t&nbsp;.&nbsp;&nbsp; Voltak-vannak olyan terveim, hogy valami k\u00e1v\u00e9z\u00f3f\u00e9l\u00e9t ind\u00edtok,&nbsp;amit t\u00f6bbek k\u00f6z\u00f6tt&nbsp;k\u00fcl\u00f6nleges s\u00fctem\u00e9nyekkel fogok vonz\u00f3v\u00e1 tenni. Ezekkel vacakolok \u00e9s itt kulcsszerepet sz\u00e1ntam a mandul\u00e1nak.... h\u00e1t most ezen gy\u00f6tr\u0151d\u00f6k... <span style=\"font-weight: bold;\">nem \u00fagy \u00e9rzem<\/span>, hogy meg tudn\u00e9k lenni&nbsp; mandula n\u00e9lk\u00fcl....Ez az allegorikus megk\u00f6zel\u00edt\u00e9s azonban&nbsp;ebben a form\u00e1ban &nbsp;nem j\u00e1rhat\u00f3 tov\u00e1bb, \u00e1t kell \u00e9rtelmeznem sok mindent, bizony\u00e1ra meg kell pr\u00f3b\u00e1lnom m\u00e1s megk\u00f6zel\u00edt\u00e9sben, a mandula szemsz\u00f6g\u00e9b\u0151l is n\u00e9zni a dolgokat :-) <br><\/span><\/p>  <p><span style=\"font-size: 9pt; color: rgb(54, 95, 145); font-family: Wingdings;\"><span style=\"\"><\/span><\/span>&nbsp;<\/p><span style=\"font-size: 9pt; color: rgb(54, 95, 145); font-family: 'Verdana','sans-serif';\"><o:p><\/o:p><\/span>  <p><span style=\"font-size: 9pt; font-family: 'Verdana','sans-serif';\">&nbsp;<o:p><\/o:p><\/span><\/p>  <p class=\"MsoNormal\" style=\"margin: 0cm 0cm 0pt; line-height: normal;\"><span style=\"font-size: 9pt; color: white; font-family: 'Arial','sans-serif';\">2005. szeptember 8.<\/span><span style=\"font-size: 9pt; color: white; font-family: 'Arial','sans-serif';\"> <o:p><\/o:p><\/span><\/p>  <p class=\"MsoNormal\" style=\"margin: 0cm 0cm 3.75pt; line-height: normal;\"><span style=\"font-size: 9pt; color: white; font-family: 'Arial','sans-serif';\"><span style=\"\">&nbsp;&nbsp;&nbsp;&nbsp;&nbsp;&nbsp; <\/span><span style=\"\">&nbsp;&nbsp;&nbsp;&nbsp;&nbsp;&nbsp;&nbsp;&nbsp; <\/span><\/span><a href=\"http:\/\/images.google.com\/imgres?imgurl=http:\/\/www.origo.hu\/i\/0402\/20040209mandula.jpg&amp;imgrefurl=http:\/\/www.origo.hu\/noilapozo\/receptek\/20040209cseresznyesmandulas.html&amp;h=141&amp;w=170&amp;sz=9&amp;hl=hu&amp;start=6&amp;um=1&amp;usg=__ZVXgf6HAFsZshu62fYkWAvpO-yk=&amp;tbnid=W7iz0zKfJlv9rM:&amp;tbnh=82&amp;tbnw=99&amp;prev=\/images?q=mandula&amp;um=1&amp;hl=hu&amp;lr=&amp;sa=X\"><span style=\"color: blue; font-family: 'Arial','sans-serif'; text-decoration: none;\"><v:shape id=\"K\u00e9p_x0020_8\" style=\"visibility: visible; width: 166.5pt; height: 108.75pt;\" type=\"#_x0000_t75\" o:spid=\"_x0000_i1025\" alt=\"http:\/\/tbn0.google.com\/images?q=tbn:W7iz0zKfJlv9rM:http:\/\/www.origo.hu\/i\/0402\/20040209mandula.jpg\" o:button=\"t\" href=\"http:\/\/images.google.com\/imgres?imgurl=http:\/\/www.origo.hu\/i\/0402\/20040209mandula.jpg&amp;imgrefurl=http:\/\/www.origo.hu\/noilapozo\/receptek\/20040209cseresznyesmandulas.html&amp;h=141&amp;w=170&amp;sz=9&amp;hl=hu&amp;start=6&amp;um=1&amp;usg=__ZVXgf6HAFsZshu62fYkWAvpO-yk=&amp;tbnid=W7iz0zKfJlv9rM:&amp;tbnh=82&amp;tbnw=99&amp;prev=\/images?q=mandula&amp;um=1&amp;hl=hu&amp;lr=&amp;sa=X\"><v:fill o:detectmouseclick=\"t\"><\/v:fill><v:imagedata src=\"file:\/\/\/C:%5CDOCUME%7E1%5CRENDSZ%7E1%5CLOCALS%7E1%5CTemp%5Cmsohtmlclip1%01%5Cclip_image003.jpg\" o:title=\"20040209mandula\"><\/v:imagedata><\/v:shape><\/span><\/a><span style=\"font-size: 9pt; color: white; font-family: 'Arial','sans-serif';\"><o:p><\/o:p><\/span><\/p>  <div align=\"center\">  <table class=\"MsoNormalTable\" style=\"width: 420pt;\" width=\"560\" border=\"0\" cellpadding=\"0\" cellspacing=\"0\">  <tbody>  <tr style=\"\">  <td style=\"border: medium none rgb(235, 230, 225); padding: 0cm; background-color: transparent;\" valign=\"top\">  <table class=\"MsoNormalTable\" style=\"width: 100%;\" width=\"100%\" border=\"0\" cellpadding=\"0\" cellspacing=\"0\">  <tbody>  <tr style=\"\">  <td style=\"border: medium none rgb(235, 230, 225); padding: 2.25pt; width: 100%; background-color: transparent;\" width=\"100%\"><\/td><\/tr><\/tbody><\/table><\/td><\/tr><\/tbody><\/table><\/div>  <p class=\"MsoNormal\" style=\"margin: 0cm 0cm 3.75pt; line-height: normal;\"><span style=\"font-size: 9pt; color: white; font-family: 'Arial','sans-serif';\"><o:p>&nbsp;<\/o:p><\/span><\/p>  <p>&nbsp;<\/p>","type":"rich"}