{"version":"1.0","provider_name":"levendulas","provider_url":"https:\/\/levendulas.cafeblog.hu","author_name":"amfortas","author_url":"https:\/\/levendulas.cafeblog.hu\/author\/amfortas-2-2-2\/","title":"id\u00e9zet","html":"<P>Ma olvastam egy sz\u00e9p id\u00e9zetet. <\/P>\r\n<P>Nekem sz\u00f3lt. Mert Aki id\u00e9zte, mag\u00e1ra b\u00e1r nem illesztette, de&nbsp;Neki szerettem volna legink\u00e1bb, \u00e9s e szerint is megfelelni. Teh\u00e1t most is ezen dolgozom, mint eddig eg\u00e9sz \u00e9letemben...<\/P>\r\n<P>\"Nemes \u00f6nbizalom, de ne az \u00f6nhitts\u00e9g<BR>Rug\u00f3i lelkedet nagy c\u00e9lra fesz\u00edts\u00e9k,<BR>Legnagyobb c\u00e9l pedig, itt, e f\u00f6ldi l\u00e9tben,<BR>Ember lenni mind\u00e9g, minden k\u00f6r\u00fclm\u00e9nyben.\"<BR>Arany J\u00e1nos)<\/P>\r\n<P>&nbsp;&nbsp;&nbsp;&nbsp;&nbsp;&nbsp;&nbsp;&nbsp;&nbsp;&nbsp;&nbsp;&nbsp;&nbsp;&nbsp;&nbsp;&nbsp;&nbsp;&nbsp;&nbsp;&nbsp;&nbsp;&nbsp;&nbsp; <IMG class=blogkep style=\"WIDTH: 323px; HEIGHT: 445px\" height=553 src=\"https:\/\/levendulas.cafeblog.hu\/files\/user_8538279_1205255729912.jpg\" width=380><\/P>","type":"rich"}